{"id":23247,"date":"2012-04-19T08:03:36","date_gmt":"2012-04-19T06:03:36","guid":{"rendered":"https:\/\/michalszpak.eu\/concerts-2\/"},"modified":"2018-09-04T09:36:14","modified_gmt":"2018-09-04T07:36:14","slug":"concerts-2","status":"publish","type":"page","link":"https:\/\/michalszpak.eu\/en\/concerts-2\/","title":{"rendered":"Concerts"},"content":{"rendered":"<div class=\"wpb-content-wrapper\"><p>[vc_row][vc_column][vc_column_text]<\/p>\n<div class=\"fani\">\n<table>\n<tbody>\n<tr>\n<td><a href=\"https:\/\/michalszpak.eu\/foto-album\/jaslo-24-07-2017\/\">Koncerty jas\u0142o 24.06.2017<\/a><\/td>\n<td>&nbsp;<\/td>\n<td>&nbsp;<\/td>\n<td>&nbsp;<\/td>\n<\/tr>\n<\/tbody>\n<\/table>\n<table style=\"width: 100%;\">\n<tbody>\n<tr>\n<td><a href=\"https:\/\/michalszpak.eu\/en\/album\/?alb=59\"><img decoding=\"async\" class=\"alignnone\" src=\"\" width=\"150\" height=\"150\"><\/a><br \/>\n<a href=\"http:\/\/ofc.ppiotrr.pl\/album\/?alb=59\"> Bia\u0142ystok 11.06.2011<\/a><\/td>\n<td><a href=\"http:\/\/ofc.ppiotrr.pl\/album\/?alb=60\"><img decoding=\"async\" src=\"\" alt=\"\" width=\"150\" height=\"150\"><\/a><br \/>\n<a href=\"http:\/\/ofc.ppiotrr.pl\/album\/?alb=60\"> Jas\u0142o 12.06.2011<\/a><\/td>\n<td><a href=\"http:\/\/ofc.ppiotrr.pl\/album\/?alb=61\"><img decoding=\"async\" src=\"\" alt=\"\" width=\"150\" height=\"150\"><\/a><br \/>\n<a href=\"http:\/\/ofc.ppiotrr.pl\/album\/?alb=61\"> OWF 17.06.2011<\/a><\/td>\n<td><a href=\"http:\/\/ofc.ppiotrr.pl\/album\/?alb=62\"><img decoding=\"async\" src=\"\" alt=\"\" width=\"150\" height=\"150\"><\/a><br \/>\n<a href=\"http:\/\/ofc.ppiotrr.pl\/album\/?alb=62\"> Leszno 22.06.2011<\/a><\/td>\n<\/tr>\n<tr>\n<td><a href=\"http:\/\/ofc.ppiotrr.pl\/album\/?alb=63\"><img decoding=\"async\" src=\"\" alt=\"\" width=\"150\" height=\"150\"><\/a><br \/>\n<a href=\"http:\/\/ofc.ppiotrr.pl\/album\/?alb=63\"> \u0141\u00f3d\u017a 24.06.2011<\/a><\/td>\n<td><a href=\"http:\/\/ofc.ppiotrr.pl\/album\/?alb=64\"><img decoding=\"async\" src=\"\" alt=\"\" width=\"150\" height=\"150\"><\/a><br \/>\n<a href=\"http:\/\/ofc.ppiotrr.pl\/album\/?alb=64\"> Rzesz\u00f3w 04.07.2011<\/a><\/td>\n<td><a href=\"http:\/\/ofc.ppiotrr.pl\/album\/?alb=65\"><img decoding=\"async\" src=\"\" alt=\"\" width=\"150\" height=\"150\"><\/a><br \/>\n<a href=\"http:\/\/ofc.ppiotrr.pl\/album\/?alb=65\"> Sielpia 07.07.2011<\/a><\/td>\n<td><a href=\"http:\/\/ofc.ppiotrr.pl\/album\/?alb=66\"><img decoding=\"async\" src=\"\" alt=\"\" width=\"150\" height=\"150\"><\/a><br \/>\n<a href=\"http:\/\/ofc.ppiotrr.pl\/album\/?alb=66\"> Warszawa 09.07.2011<\/a><\/td>\n<\/tr>\n<tr>\n<td><a href=\"http:\/\/ofc.ppiotrr.pl\/album\/?alb=67\"><img decoding=\"async\" src=\"\" alt=\"\" width=\"150\" height=\"150\"><\/a><br \/>\n<a href=\"http:\/\/ofc.ppiotrr.pl\/album\/?alb=67\"> Inowroc\u0142aw 17.07.2011<\/a><\/td>\n<td><a href=\"http:\/\/ofc.ppiotrr.pl\/album\/?alb=68\"><img decoding=\"async\" src=\"\" alt=\"\" width=\"150\" height=\"150\"><\/a><br \/>\n<a href=\"http:\/\/ofc.ppiotrr.pl\/album\/?alb=68\"> Krynica 06.08.2011<\/a><\/td>\n<td><a href=\"http:\/\/ofc.ppiotrr.pl\/album\/?alb=69\"><img decoding=\"async\" src=\"\" alt=\"\" width=\"150\" height=\"150\"><\/a><br \/>\n<a href=\"http:\/\/ofc.ppiotrr.pl\/album\/?alb=69\"> Gda\u0144sk 27.08.2011<\/a><\/td>\n<td><a href=\"http:\/\/ofc.ppiotrr.pl\/album\/?alb=70\"><img decoding=\"async\" src=\"\" alt=\"\" width=\"150\" height=\"150\"><\/a><br \/>\n<a href=\"http:\/\/ofc.ppiotrr.pl\/album\/?alb=70\"> Opole 03.09.2011<\/a><\/td>\n<\/tr>\n<tr>\n<td><a href=\"http:\/\/ofc.ppiotrr.pl\/album\/?alb=71\"><img decoding=\"async\" src=\"\" alt=\"\" width=\"150\" height=\"150\"><\/a><br \/>\n<a href=\"http:\/\/ofc.ppiotrr.pl\/album\/?alb=71\"> Rybnik 10.09.2011<\/a><\/td>\n<td><a href=\"http:\/\/ofc.ppiotrr.pl\/album\/?alb=72\"><img decoding=\"async\" src=\"\" alt=\"\" width=\"150\" height=\"150\"><\/a><br \/>\n<a href=\"http:\/\/ofc.ppiotrr.pl\/album\/?alb=72\"> D\u0105browa G\u00f3r. 24.09.2011<\/a><\/td>\n<td><a href=\"http:\/\/ofc.ppiotrr.pl\/album\/?alb=73\"><img decoding=\"async\" src=\"\" alt=\"\" width=\"150\" height=\"150\"><\/a><br \/>\n<a href=\"http:\/\/ofc.ppiotrr.pl\/album\/?alb=73\"> Cz\u0119stochowa, 01.10.2011<\/a><\/td>\n<td><a href=\"http:\/\/ofc.ppiotrr.pl\/album\/?alb=74\"><img decoding=\"async\" src=\"\" alt=\"\" width=\"150\" height=\"150\"><\/a><br \/>\n<a href=\"http:\/\/ofc.ppiotrr.pl\/album\/?alb=74\"> Bytom, 21.10.2011<\/a><\/td>\n<\/tr>\n<tr>\n<td><a href=\"http:\/\/ofc.ppiotrr.pl\/album\/?alb=75\"><img decoding=\"async\" src=\"\" alt=\"\" width=\"150\" height=\"150\"><\/a><br \/>\n<a href=\"http:\/\/ofc.ppiotrr.pl\/album\/?alb=75\"> Gda\u0144sk WO\u015aP 8.01.2012<\/a><\/td>\n<td><a href=\"http:\/\/ofc.ppiotrr.pl\/album\/?alb=76\"><img decoding=\"async\" src=\"\" alt=\"\" width=\"150\" height=\"150\"><\/a><br \/>\n<a href=\"http:\/\/ofc.ppiotrr.pl\/album\/?alb=76\"> Pozna\u0144 17.02.2012<\/a><\/td>\n<td><a href=\"http:\/\/ofc.ppiotrr.pl\/album\/?alb=108\"><img decoding=\"async\" src=\"\" alt=\"\" width=\"150\" height=\"150\"><\/a><br \/>\n<a href=\"http:\/\/ofc.ppiotrr.pl\/album\/?alb=108\"> Gorz\u00f3w Wlkp. 22.04.2012<\/a><\/td>\n<td><a href=\"http:\/\/ofc.ppiotrr.pl\/album\/?alb=77\"><img decoding=\"async\" src=\"\" alt=\"\" width=\"150\" height=\"150\"><\/a><br \/>\n<a href=\"http:\/\/ofc.ppiotrr.pl\/album\/?alb=77\"> Jelenia G\u00f3ra 1.05.2012<\/a><\/td>\n<\/tr>\n<tr>\n<td><a href=\"http:\/\/ofc.ppiotrr.pl\/album\/?alb=78\"><img decoding=\"async\" src=\"\" alt=\"\" width=\"150\" height=\"150\"><\/a><br \/>\n<a href=\"http:\/\/ofc.ppiotrr.pl\/album\/?alb=78\"> Czelad\u017a 3.05.2012<\/a><\/td>\n<td><a href=\"http:\/\/ofc.ppiotrr.pl\/album\/?alb=79\"><img decoding=\"async\" src=\"\" alt=\"\" width=\"150\" height=\"150\"><\/a><br \/>\n<a href=\"http:\/\/ofc.ppiotrr.pl\/album\/?alb=79\"> Krotoszyn 26.05.2012<\/a><\/td>\n<td><a href=\"http:\/\/ofc.ppiotrr.pl\/album\/?alb=118\"><img decoding=\"async\" src=\"\" alt=\"\" width=\"150\" height=\"150\"><\/a><br \/>\n<a href=\"http:\/\/ofc.ppiotrr.pl\/album\/?alb=118\"> Opole Festiwal 01.06.2012<\/a><\/td>\n<td><a href=\"http:\/\/ofc.ppiotrr.pl\/album\/?alb=124\"><img decoding=\"async\" src=\"\" alt=\"\" width=\"150\" height=\"150\"><\/a><br \/>\n<a href=\"http:\/\/ofc.ppiotrr.pl\/album\/?alb=124\"> Jas\u0142o 24.06.2012<\/a><\/td>\n<\/tr>\n<tr>\n<td><a href=\"http:\/\/ofc.ppiotrr.pl\/album\/?alb=131\"><img decoding=\"async\" src=\"\" alt=\"\" width=\"150\" height=\"150\"><\/a><br \/>\n<a href=\"http:\/\/ofc.ppiotrr.pl\/album\/?alb=131\"> Wysokie Mazowieckie 01.07.2012<\/a><\/td>\n<td><a href=\"http:\/\/ofc.ppiotrr.pl\/album\/?alb=132\"><img decoding=\"async\" src=\"\" alt=\"\" width=\"150\" height=\"150\"><\/a><br \/>\n<a href=\"http:\/\/ofc.ppiotrr.pl\/album\/?alb=132\"> Warszawa 26.08.2012<\/a><\/td>\n<td><a href=\"http:\/\/ofc.ppiotrr.pl\/album\/?alb=133\"><img decoding=\"async\" src=\"\" alt=\"\" width=\"150\" height=\"150\"><\/a><br \/>\n<a href=\"http:\/\/ofc.ppiotrr.pl\/album\/?alb=133\"> Lubawa 26.08.2012<\/a><\/td>\n<td><a href=\"http:\/\/ofc.ppiotrr.pl\/album\/?alb=145\"><img decoding=\"async\" src=\"\" alt=\"\" width=\"150\" height=\"150\"><\/a><br \/>\n<a href=\"http:\/\/ofc.ppiotrr.pl\/album\/?alb=145\"> Charsznica 09.09.2012<\/a><\/td>\n<\/tr>\n<tr>\n<td><a href=\"http:\/\/ofc.ppiotrr.pl\/album\/?alb=146\"><img decoding=\"async\" src=\"\" alt=\"\" width=\"150\" height=\"150\"><\/a><br \/>\n<a href=\"http:\/\/ofc.ppiotrr.pl\/album\/?alb=146\"> Rzesz\u00f3w 16.09.2012<\/a><\/td>\n<td><a href=\"http:\/\/ofc.ppiotrr.pl\/album\/?alb=147\"><img decoding=\"async\" src=\"\" alt=\"\" width=\"150\" height=\"150\"><\/a><br \/>\n<a href=\"http:\/\/ofc.ppiotrr.pl\/album\/?alb=147\"> Warszawa 08.12.2012<\/a><\/td>\n<td><a href=\"http:\/\/ofc.ppiotrr.pl\/album\/?alb=148\"><img decoding=\"async\" src=\"\" alt=\"\" width=\"150\" height=\"150\"><\/a><br \/>\n<a href=\"http:\/\/ofc.ppiotrr.pl\/album\/?alb=148\"> Wroc\u0142aw 31.12.2012<\/a><\/td>\n<td><a href=\"http:\/\/ofc.ppiotrr.pl\/album\/?alb=149\"><img decoding=\"async\" src=\"\" alt=\"\" width=\"150\" height=\"150\"><\/a><br \/>\n<a href=\"http:\/\/ofc.ppiotrr.pl\/album\/?alb=149\"> Polkowice 08.03.2013<\/a><\/td>\n<\/tr>\n<tr>\n<td><a href=\"http:\/\/ofc.ppiotrr.pl\/album\/?alb=150\"><img decoding=\"async\" src=\"\" alt=\"\" width=\"150\" height=\"150\"><\/a><br \/>\n<a href=\"http:\/\/ofc.ppiotrr.pl\/album\/?alb=150\"> Tomasz\u00f3w Lubelski 16.03.2013<\/a><\/td>\n<td><a href=\"http:\/\/ofc.ppiotrr.pl\/album\/?alb=151\"><img decoding=\"async\" src=\"\" alt=\"\" width=\"150\" height=\"150\"><\/a><br \/>\n<a href=\"http:\/\/ofc.ppiotrr.pl\/album\/?alb=151\"> Moskwa 10.06.2013<\/a><\/td>\n<td><a href=\"http:\/\/ofc.ppiotrr.pl\/album\/?alb=152\"><img decoding=\"async\" src=\"\" alt=\"\" width=\"150\" height=\"150\"><\/a><br \/>\n<a href=\"http:\/\/ofc.ppiotrr.pl\/album\/?alb=152\"> \u0141\u00f3d\u017a 22.06.2013<\/a><\/td>\n<td><a href=\"http:\/\/ofc.ppiotrr.pl\/album\/?alb=153\"><img decoding=\"async\" src=\"\" alt=\"\" width=\"150\" height=\"150\"><\/a><br \/>\n<a href=\"http:\/\/ofc.ppiotrr.pl\/album\/?alb=153\"> I\u0142awa 06.07.2013<\/a><\/td>\n<\/tr>\n<tr>\n<td><a href=\"http:\/\/ofc.ppiotrr.pl\/album\/?alb=154\"><img decoding=\"async\" src=\"\" alt=\"\" width=\"150\" height=\"150\"><\/a><br \/>\n<a href=\"http:\/\/ofc.ppiotrr.pl\/album\/?alb=154\"> Zielona G\u00f3ra 17.07.2013<\/a><\/td>\n<td><a href=\"http:\/\/ofc.ppiotrr.pl\/album\/?alb=155\"><img decoding=\"async\" src=\"\" alt=\"\" width=\"150\" height=\"150\"><\/a><br \/>\n<a href=\"http:\/\/ofc.ppiotrr.pl\/album\/?alb=155\"> Monachium 21.09.2013<\/a><\/td>\n<td><a href=\"http:\/\/ofc.ppiotrr.pl\/album\/?alb=177\"><img decoding=\"async\" src=\"\" alt=\"\" width=\"150\" height=\"150\"><\/a><br \/>\n<a href=\"http:\/\/ofc.ppiotrr.pl\/album\/?alb=155\"> Opole SuperPremiery 13.06.2015<\/a><\/td>\n<td>&nbsp;<\/td>\n<td>&nbsp;<\/td>\n<\/tr>\n<\/tbody>\n<\/table>\n<\/div>\n<p>[\/vc_column_text][\/vc_column][\/vc_row]<\/p>\n<h3>Related Images:<\/h3><\/div>","protected":false},"excerpt":{"rendered":"<p>[vc_row][vc_column][vc_column_text] Koncerty jas\u0142o 24.06.2017 &nbsp; &nbsp; &nbsp; Bia\u0142ystok 11.06.2011 Jas\u0142o 12.06.2011 OWF 17.06.2011 Leszno 22.06.2011 \u0141\u00f3d\u017a 24.06.2011 Rzesz\u00f3w 04.07.2011 Sielpia 07.07.2011 Warszawa 09.07.2011 Inowroc\u0142aw 17.07.2011 Krynica 06.08.2011 Gda\u0144sk 27.08.2011 Opole 03.09.2011 Rybnik 10.09.2011 D\u0105browa G\u00f3r. 24.09.2011 Cz\u0119stochowa, 01.10.2011 Bytom, 21.10.2011&#8230;<\/p>\n","protected":false},"author":13556,"featured_media":0,"parent":0,"menu_order":0,"comment_status":"open","ping_status":"closed","template":"","meta":{"ngg_post_thumbnail":0,"footnotes":""},"class_list":["post-23247","page","type-page","status-publish","hentry"],"yoast_head":"<!-- This site is optimized with the Yoast SEO Premium plugin v21.0 (Yoast SEO v27.3) - https:\/\/yoast.com\/product\/yoast-seo-premium-wordpress\/ -->\n<title>Concerts - Oficjalny Fan Club Micha\u0142a Szpaka<\/title>\n<meta name=\"robots\" content=\"index, follow, max-snippet:-1, max-image-preview:large, max-video-preview:-1\" \/>\n<link rel=\"canonical\" href=\"https:\/\/michalszpak.eu\/en\/concerts-2\/\" \/>\n<meta property=\"og:locale\" content=\"en_US\" \/>\n<meta property=\"og:type\" content=\"article\" \/>\n<meta property=\"og:title\" content=\"Concerts\" \/>\n<meta property=\"og:description\" content=\"[vc_row][vc_column][vc_column_text] Koncerty jas\u0142o 24.06.2017 &nbsp; &nbsp; &nbsp; Bia\u0142ystok 11.06.2011 Jas\u0142o 12.06.2011 OWF 17.06.2011 Leszno 22.06.2011 \u0141\u00f3d\u017a 24.06.2011 Rzesz\u00f3w 04.07.2011 Sielpia 07.07.2011 Warszawa 09.07.2011 Inowroc\u0142aw 17.07.2011 Krynica 06.08.2011 Gda\u0144sk 27.08.2011 Opole 03.09.2011 Rybnik 10.09.2011 D\u0105browa G\u00f3r. 24.09.2011 Cz\u0119stochowa, 01.10.2011 Bytom, 21.10.2011...\" \/>\n<meta property=\"og:url\" content=\"https:\/\/michalszpak.eu\/en\/concerts-2\/\" \/>\n<meta property=\"og:site_name\" content=\"Oficjalny Fan Club Micha\u0142a Szpaka\" \/>\n<meta property=\"article:publisher\" content=\"https:\/\/www.facebook.com\/michalszpakorg\" \/>\n<meta property=\"article:modified_time\" content=\"2018-09-04T07:36:14+00:00\" \/>\n<meta property=\"og:image\" content=\"https:\/\/michalszpak.eu\/wp-content\/uploads\/2018\/06\/DSC06210-1-e1528645322277.jpg\" \/>\n<meta name=\"twitter:card\" content=\"summary_large_image\" \/>\n<script type=\"application\/ld+json\" class=\"yoast-schema-graph\">{\"@context\":\"https:\\\/\\\/schema.org\",\"@graph\":[{\"@type\":\"WebPage\",\"@id\":\"https:\\\/\\\/michalszpak.eu\\\/en\\\/concerts-2\\\/\",\"url\":\"https:\\\/\\\/michalszpak.eu\\\/en\\\/concerts-2\\\/\",\"name\":\"Concerts - Oficjalny Fan Club Micha\u0142a Szpaka\",\"isPartOf\":{\"@id\":\"https:\\\/\\\/michalszpak.eu\\\/en\\\/#website\"},\"datePublished\":\"2012-04-19T06:03:36+00:00\",\"dateModified\":\"2018-09-04T07:36:14+00:00\",\"breadcrumb\":{\"@id\":\"https:\\\/\\\/michalszpak.eu\\\/en\\\/concerts-2\\\/#breadcrumb\"},\"inLanguage\":\"en-US\",\"potentialAction\":[{\"@type\":\"ReadAction\",\"target\":[\"https:\\\/\\\/michalszpak.eu\\\/en\\\/concerts-2\\\/\"]}]},{\"@type\":\"BreadcrumbList\",\"@id\":\"https:\\\/\\\/michalszpak.eu\\\/en\\\/concerts-2\\\/#breadcrumb\",\"itemListElement\":[{\"@type\":\"ListItem\",\"position\":1,\"name\":\"Home\",\"item\":\"https:\\\/\\\/michalszpak.eu\\\/en\\\/ms-2-2-2\\\/\"},{\"@type\":\"ListItem\",\"position\":2,\"name\":\"Concerts\"}]},{\"@type\":\"WebSite\",\"@id\":\"https:\\\/\\\/michalszpak.eu\\\/en\\\/#website\",\"url\":\"https:\\\/\\\/michalszpak.eu\\\/en\\\/\",\"name\":\"Oficjalny Fan Club Micha\u0142a Szpaka\",\"description\":\"Strona Stowarzyszenia Oficjalny Fan Club Micha\u0142a Szpaka\",\"potentialAction\":[{\"@type\":\"SearchAction\",\"target\":{\"@type\":\"EntryPoint\",\"urlTemplate\":\"https:\\\/\\\/michalszpak.eu\\\/en\\\/?s={search_term_string}\"},\"query-input\":{\"@type\":\"PropertyValueSpecification\",\"valueRequired\":true,\"valueName\":\"search_term_string\"}}],\"inLanguage\":\"en-US\"}]}<\/script>\n<!-- \/ Yoast SEO Premium plugin. -->","yoast_head_json":{"title":"Concerts - Oficjalny Fan Club Micha\u0142a Szpaka","robots":{"index":"index","follow":"follow","max-snippet":"max-snippet:-1","max-image-preview":"max-image-preview:large","max-video-preview":"max-video-preview:-1"},"canonical":"https:\/\/michalszpak.eu\/en\/concerts-2\/","og_locale":"en_US","og_type":"article","og_title":"Concerts","og_description":"[vc_row][vc_column][vc_column_text] Koncerty jas\u0142o 24.06.2017 &nbsp; &nbsp; &nbsp; Bia\u0142ystok 11.06.2011 Jas\u0142o 12.06.2011 OWF 17.06.2011 Leszno 22.06.2011 \u0141\u00f3d\u017a 24.06.2011 Rzesz\u00f3w 04.07.2011 Sielpia 07.07.2011 Warszawa 09.07.2011 Inowroc\u0142aw 17.07.2011 Krynica 06.08.2011 Gda\u0144sk 27.08.2011 Opole 03.09.2011 Rybnik 10.09.2011 D\u0105browa G\u00f3r. 24.09.2011 Cz\u0119stochowa, 01.10.2011 Bytom, 21.10.2011...","og_url":"https:\/\/michalszpak.eu\/en\/concerts-2\/","og_site_name":"Oficjalny Fan Club Micha\u0142a Szpaka","article_publisher":"https:\/\/www.facebook.com\/michalszpakorg","article_modified_time":"2018-09-04T07:36:14+00:00","og_image":[{"url":"https:\/\/michalszpak.eu\/wp-content\/uploads\/2018\/06\/DSC06210-1-e1528645322277.jpg","type":"","width":"","height":""}],"twitter_card":"summary_large_image","schema":{"@context":"https:\/\/schema.org","@graph":[{"@type":"WebPage","@id":"https:\/\/michalszpak.eu\/en\/concerts-2\/","url":"https:\/\/michalszpak.eu\/en\/concerts-2\/","name":"Concerts - Oficjalny Fan Club Micha\u0142a Szpaka","isPartOf":{"@id":"https:\/\/michalszpak.eu\/en\/#website"},"datePublished":"2012-04-19T06:03:36+00:00","dateModified":"2018-09-04T07:36:14+00:00","breadcrumb":{"@id":"https:\/\/michalszpak.eu\/en\/concerts-2\/#breadcrumb"},"inLanguage":"en-US","potentialAction":[{"@type":"ReadAction","target":["https:\/\/michalszpak.eu\/en\/concerts-2\/"]}]},{"@type":"BreadcrumbList","@id":"https:\/\/michalszpak.eu\/en\/concerts-2\/#breadcrumb","itemListElement":[{"@type":"ListItem","position":1,"name":"Home","item":"https:\/\/michalszpak.eu\/en\/ms-2-2-2\/"},{"@type":"ListItem","position":2,"name":"Concerts"}]},{"@type":"WebSite","@id":"https:\/\/michalszpak.eu\/en\/#website","url":"https:\/\/michalszpak.eu\/en\/","name":"Oficjalny Fan Club Micha\u0142a Szpaka","description":"Strona Stowarzyszenia Oficjalny Fan Club Micha\u0142a Szpaka","potentialAction":[{"@type":"SearchAction","target":{"@type":"EntryPoint","urlTemplate":"https:\/\/michalszpak.eu\/en\/?s={search_term_string}"},"query-input":{"@type":"PropertyValueSpecification","valueRequired":true,"valueName":"search_term_string"}}],"inLanguage":"en-US"}]}},"_links":{"self":[{"href":"https:\/\/michalszpak.eu\/en\/wp-json\/wp\/v2\/pages\/23247","targetHints":{"allow":["GET"]}}],"collection":[{"href":"https:\/\/michalszpak.eu\/en\/wp-json\/wp\/v2\/pages"}],"about":[{"href":"https:\/\/michalszpak.eu\/en\/wp-json\/wp\/v2\/types\/page"}],"author":[{"embeddable":true,"href":"https:\/\/michalszpak.eu\/en\/wp-json\/wp\/v2\/users\/13556"}],"replies":[{"embeddable":true,"href":"https:\/\/michalszpak.eu\/en\/wp-json\/wp\/v2\/comments?post=23247"}],"version-history":[{"count":2,"href":"https:\/\/michalszpak.eu\/en\/wp-json\/wp\/v2\/pages\/23247\/revisions"}],"predecessor-version":[{"id":41321,"href":"https:\/\/michalszpak.eu\/en\/wp-json\/wp\/v2\/pages\/23247\/revisions\/41321"}],"wp:attachment":[{"href":"https:\/\/michalszpak.eu\/en\/wp-json\/wp\/v2\/media?parent=23247"}],"curies":[{"name":"wp","href":"https:\/\/api.w.org\/{rel}","templated":true}]}}